{"id":907,"date":"2016-03-08T15:14:00","date_gmt":"2016-03-08T15:14:00","guid":{"rendered":"https:\/\/www.primarycaregenetics.org\/?page_id=907"},"modified":"2017-08-31T19:59:05","modified_gmt":"2017-08-31T19:59:05","slug":"bem-vinda","status":"publish","type":"page","link":"https:\/\/www.primarycaregenetics.org\/?page_id=907&lang=pt","title":{"rendered":"Bem-vindo"},"content":{"rendered":"<div class=\"csRow\">\n<div class=\"csColumnGap\" style=\"margin: 0px; padding: 0px; float: left; width: 1.56%;\"><img style=\"border: none;\" src=\"https:\/\/www.primarycaregenetics.org\/wp-content\/plugins\/advanced-wp-columns\/assets\/js\/plugins\/views\/img\/1x1-pixel.png\" alt=\"\"\/><\/div>\n<div class=\"csColumn\" style=\"margin: 0px; padding: 0px; float: left; width: 47.7%;\" data-csstartpoint=\"15\" data-csendpoint=\"472.5\" data-cswidth=\"47.7%\" data-csid=\"7af3407d-f763-1e04-9b7d-a0c857f481e5\">&nbsp;<\/div>\n<div class=\"csRow\">\n<div class=\"csColumnGap\" style=\"margin: 0px; padding: 0px; float: left; width: 1.56%;\"><img style=\"border: none;\" src=\"https:\/\/www.primarycaregenetics.org\/wp-content\/plugins\/advanced-wp-columns\/assets\/js\/plugins\/views\/img\/1x1-pixel.png\"\/><\/div>\n<div class=\"csColumn\" style=\"margin: 0px; padding: 0px; float: left; width: 47.7%;\" data-csstartpoint=\"15\" data-csendpoint=\"472.5\" data-cswidth=\"47.7%\" data-csid=\"e6b1921c-13c5-f4b1-bd94-523a0167d04e\">\n<p>ao site do projeto Gen-Equip \u2013 um projeto que combina educa\u00e7\u00e3o, cuidados de sa\u00fade prim\u00e1rios e gen\u00e9tica. O nosso objectivo \u00e9 permitir que os profissionais de sa\u00fade que trabalham nos cuidados prim\u00e1rios possam atualizar seus conhecimentos e compet\u00eancias na \u00e1rea da gen\u00e9tica. A longo prazo esperamos contribuir para um melhoria nos cuidados de sa\u00fade prestados aos pacientes com doen\u00e7as gen\u00e9ticas, ou preocupados com potenciais riscos gen\u00e9ticos.<\/p>\n<p><strong>Quem somos n\u00f3s?<\/strong><\/p>\n<p>Somos um grupo de profissionais da sa\u00fade, com experi\u00eancia em cuidados da sa\u00fade prim\u00e1rios e\/ou em gen\u00e9tica. A equipa \u00e9 formada por profissionais provenientes de seis pa\u00edses europeus.&nbsp; Para obter mais informa\u00e7\u00e3o sobre a equipa, clique aqui.<\/p>\n<p>Esta plataforma oferece gratuitamente recursos educativos sobre gen\u00e9tica a profissionais que pretendem complementar os seus conhecimentos na \u00e1rea atrav\u00e9s de forma\u00e7\u00e3o cont\u00ednua ou forma\u00e7\u00e3o profissional.<\/p>\n<p>De modo a garantir que os conte\u00fados s\u00e3o relevantes para os cl\u00ednicos, os m\u00f3dulos de forma\u00e7\u00e3o s\u00e3o apoiados por ferramentas e recursos adaptados \u00e0 realidade di\u00e1ria da pr\u00e1tica cl\u00ednica.<\/p>\n<p><strong>Assim sendo, o seu contributo \u00e9 fundamental <\/strong>para melhorar os nossos recursos educativos e melhor adapta-los ao seu contexto . Gostar\u00edamos &nbsp;por isso que partilhasse connosco alguma informa\u00e7\u00e3o sobre os pacientes que atende nos cuidados prim\u00e1rios \u2013&nbsp;<a href=\"..\/..\/..\/..\/..\/..\/..\/?page_id=918&amp;lang=pt\">clique aqui.<\/a><\/p>\n<p>Todos os materiais desta plataforma s\u00e3o da exclusiva responsabilidade dos autores. A&nbsp; Comiss\u00e3o Europeia e a Ecorys Reino Unido n\u00e3o s\u00e3o respons\u00e1veis pelos conte\u00fados ou por qualquer uso que deles possa ser feito.<\/p>\n<\/div>\n<div class=\"csColumnGap\" style=\"margin: 0px; padding: 0px; float: left; width: 6.15%;\"><img style=\"border: none;\" src=\"https:\/\/www.primarycaregenetics.org\/wp-content\/plugins\/advanced-wp-columns\/assets\/js\/plugins\/views\/img\/1x1-pixel.png\"\/><\/div>\n<div class=\"csColumn\" style=\"margin: 0px; padding: 0px; float: left; width: 43.1%;\" data-csstartpoint=\"531.5\" data-csendpoint=\"945\" data-cswidth=\"43.1%\" data-csid=\"0055c386-3ccd-0cad-b9c8-da7f31e43253\">\n<p><strong>Not\u00edcias<\/strong><\/p>\n<p><b><\/b><b><a id=\"yui_3_16_0_1_1504164530235_130336\" class=\"enhancr2_2f391b7a-6313-fb27-c918-5d232fb88e2a\" href=\"https:\/\/www.justnews.pt\/noticias\/integracao-da-genetica-nos-cuidados-primarios-iniciativa-aproxima-especialistas\/#.WafYolGQyUk\">Integra\u00e7\u00e3o da Gen\u00e9tica nos cuidados prim\u00e1rios: Iniciativa aproxima especialistas<\/a><\/b><\/p>\n<p><b><img loading=\"lazy\" class=\"alignleft size-thumbnail wp-image-2277\" src=\"https:\/\/www.primarycaregenetics.org\/wp-content\/uploads\/2016\/03\/Screen-Shot-2017-08-31-at-19.57.07-300x114.png\" alt=\"\" width=\"300\" height=\"114\" srcset=\"https:\/\/www.primarycaregenetics.org\/wp-content\/uploads\/2016\/03\/Screen-Shot-2017-08-31-at-19.57.07-300x114.png 300w, https:\/\/www.primarycaregenetics.org\/wp-content\/uploads\/2016\/03\/Screen-Shot-2017-08-31-at-19.57.07-620x236.png 620w, https:\/\/www.primarycaregenetics.org\/wp-content\/uploads\/2016\/03\/Screen-Shot-2017-08-31-at-19.57.07.png 677w\" sizes=\"(max-width: 300px) 100vw, 300px\" \/><\/b><b style=\"font-size: 0.95em;\"><\/b><b><br \/>\n<a href=\"https:\/\/www.primarycaregenetics.org\/wp-content\/uploads\/2017\/06\/Poster_Milena-ProgramaFINAL.jpg\"><img loading=\"lazy\" class=\"alignleft size-thumbnail wp-image-2050\" src=\"https:\/\/www.primarycaregenetics.org\/wp-content\/uploads\/2016\/03\/pg-300x163.jpg\" alt=\"\" width=\"300\" height=\"163\" srcset=\"https:\/\/www.primarycaregenetics.org\/wp-content\/uploads\/2016\/03\/pg-300x163.jpg 300w, https:\/\/www.primarycaregenetics.org\/wp-content\/uploads\/2016\/03\/pg-620x337.jpg 620w, https:\/\/www.primarycaregenetics.org\/wp-content\/uploads\/2016\/03\/pg-768x417.jpg 768w, https:\/\/www.primarycaregenetics.org\/wp-content\/uploads\/2016\/03\/pg-940x511.jpg 940w, https:\/\/www.primarycaregenetics.org\/wp-content\/uploads\/2016\/03\/pg.jpg 957w\" sizes=\"(max-width: 300px) 100vw, 300px\" \/><\/a><\/b><\/p>\n<p>No passado dia 9 de junho, com o apoio do Projeto GenEquip (<a href=\"http:\/\/www.primarycaregenetics.org\">www.primarycaregenetics.org<\/a>) , o CGPP(<a href=\"http:\/\/www.cgpp.pt\">www.cgpp.pt<\/a>) organizou o Workshop Gen\u00e9tica s nos Cuidados de Sa\u00fade Prim\u00e1rios. O evento teve como objetivo partilhar as melhores pr\u00e1ticas e equipar os Profissionais de Sa\u00fade da Aten\u00e7\u00e3o Prim\u00e1ria para lidar com a Gen\u00e9tica. Participantes da Ordem dos M\u00e9dicos, Ordem dos Enfermeiros, Associa\u00e7\u00e3o Portuguesa dos Enfermeiros dos Cuidados de Sa\u00fade Prim\u00e1rios, a Associa\u00e7\u00e3o Nacionais de Unidades de Aten\u00e7\u00e3o Prim\u00e1ria (USF-NA), alguns coordenadores de Internato de Medicina Geral, alguns Coordenadores de Faculdade de Medicina e Enfermeiros, Especialistas em Medicina Geral e Familiar e em Gen\u00e9tica M\u00e9dica de todo o pa\u00eds, a Associa\u00e7\u00e3o Nacional de Internos de Medicina Familiar (zona norte), Enfermeiros, a Sociedade Portuguesa de Gen\u00e9tica Humana e o Col\u00e9gio de Especialidade de Gen\u00e9tica M\u00e9dica.<\/p>\n<p>Durante o workshop, os participantes compartilharam alguns recursos e iniciativas portuguesas e discutiram sobre a relev\u00e2ncia da gen\u00e9tica na aten\u00e7\u00e3o prim\u00e1ria. O projeto GenEquip, seus m\u00f3dulos e outros resultados relevantes foram muito bem recebidos pelos profissionais participantes. A reuni\u00e3o terminou com um debate sobre as oportunidades na pr\u00e1tica, novas estrat\u00e9gias e esfor\u00e7os comuns. Um documento com todas as contribui\u00e7\u00f5es ser\u00e1 preparado e divulgado entre as partes interessadas e entidades nacionais relevantes.<\/p>\n<hr \/>\n<p><b><a href=\"https:\/\/www.primarycaregenetics.org\/wp-content\/uploads\/2017\/06\/Poster_Milena-ProgramaFINAL.jpg\"><img loading=\"lazy\" class=\"aligncenter wp-image-1936\" src=\"https:\/\/www.primarycaregenetics.org\/wp-content\/uploads\/2017\/06\/Poster_Milena-ProgramaFINAL-300x424.jpg\" alt=\"\" width=\"353\" height=\"499\" srcset=\"https:\/\/www.primarycaregenetics.org\/wp-content\/uploads\/2017\/06\/Poster_Milena-ProgramaFINAL-300x424.jpg 300w, https:\/\/www.primarycaregenetics.org\/wp-content\/uploads\/2017\/06\/Poster_Milena-ProgramaFINAL-620x877.jpg 620w, https:\/\/www.primarycaregenetics.org\/wp-content\/uploads\/2017\/06\/Poster_Milena-ProgramaFINAL-768x1087.jpg 768w, https:\/\/www.primarycaregenetics.org\/wp-content\/uploads\/2017\/06\/Poster_Milena-ProgramaFINAL-940x1330.jpg 940w, https:\/\/www.primarycaregenetics.org\/wp-content\/uploads\/2017\/06\/Poster_Milena-ProgramaFINAL.jpg 1753w\" sizes=\"(max-width: 353px) 100vw, 353px\" \/><\/a><\/b><\/p>\n<div>&nbsp;&nbsp;<\/div>\n<div>&nbsp;<\/div>\n<div>\n<hr \/>\n<\/div>\n<div>&nbsp;Link para o webinar gravado:&nbsp;<a href=\"https:\/\/www.youtube.com\/watch?v=R9cWHWhQmvc\">https:\/\/www.youtube.com\/watch?v=R9cWHWhQmvc<\/a><\/div>\n<div>&nbsp;<\/div>\n<div><strong>Webinar &#8220;Gen\u00e9tica e MGF: uma rela\u00e7\u00e3o com presente e futuro&#8221;<\/strong><\/div>\n<div>Prof. Dra. Ana Beleza:<\/div>\n<div>As bandeiras vermelhas na colheita da hist\u00f3ria familiar<\/div>\n<div>Sa\u00fade Materno-Fetal: o potencial da gen\u00e9tica m\u00e9dica<\/div>\n<div>&nbsp;<\/div>\n<div>Dra. Sara Magalh\u00e3es:<\/div>\n<div>Caso cl\u00ednico<\/div>\n<div>Referencia\u00e7\u00e3o de MGF para a Gen\u00e9tica M\u00e9dicas<\/div>\n<div>Servi\u00e7os e recursos dispon\u00edveis<\/div>\n<div id=\"AppleMailSignature\">&nbsp;<\/div>\n<p>Mais informa\u00e7\u00f5es em brevePara aceder aos m\u00f3dulos em portugu\u00eas por favor siga as seguintes instru\u00e7\u00f5es:<\/p>\n<p>Clique no seguinte link:<\/p>\n<p><a href=\"https:\/\/open.plymouth.ac.uk\/\"><strong>https:\/\/open.plymouth.ac.uk\/<\/strong><\/a><\/p>\n<p>Registe-se como estudante \u2013 pode utilizar o mesmo nome e palavra passe a partir desse momento em qualquer um dos m\u00f3dulos.<\/p>\n<p>Clique na sec\u00e7\u00e3o<strong><em>: Open Learning<\/em><\/strong><\/p>\n<p>Deslize para baixo na p\u00e1gina e procure a sec\u00e7\u00e3o Gen-Equip em Portugu\u00eas.<\/p>\n<hr \/>\n<p>Clique no seguinte link para aceder \u00e0 mais recente:<strong><a href=\"http:\/\/bmcfampract.biomedcentral.com\/articles\/10.1186\/s12875-016-0483-2\"> Revis\u00e3o sistem\u00e1tica das interven\u00e7\u00f5es educativas para a forma\u00e7\u00e3o em gen\u00e9tica nos cuidados prim\u00e1rios<\/a>. <\/strong><\/p>\n<p>&nbsp;<\/p>\n<p>Dever\u00e1 registar-se na plataforma educativa online da Universidade de Plymouth para aceder aos m\u00f3dulos e fornecer um e-mail de contacto para o envio do certificado. O registo apenas solicita seu nome e seu endere\u00e7o de e-mail.<\/p>\n<p>Os m\u00f3dulos s\u00e3o completamente gratuitos e recentemente foram acreditados pelo <em>Royal College of General Practitioners <\/em>(RCGP) e a <em>European Accreditation Network<\/em>, pelo que poder\u00e3o ser utilizados no seu curriculum profissional.<\/p>\n<p>Para receber o certificado ter\u00e1 que obter uma classifica\u00e7\u00e3o satisfat\u00f3ria como \u201caprovado\u201d,&nbsp; com uma pontua\u00e7\u00e3o global de pelo menos 80%.<\/p>\n<p>&nbsp;<\/p>\n<p><strong>Acredita\u00e7\u00e3o dos m\u00f3dulos<\/strong><\/p>\n<p><strong> European Accredidation Network&nbsp;<\/strong><img loading=\"lazy\" class=\"alignleft size-full wp-image-1319\" src=\"https:\/\/www.primarycaregenetics.org\/wp-content\/uploads\/2015\/04\/EAN-1.png\" alt=\"EAN\" width=\"90\" height=\"89\"\/>Todos os m\u00f3dulos deste programa foram avaliados e acreditados pela <em>European Accreditation Network<\/em>. &nbsp;&nbsp;O n\u00famero espec\u00edfico de cr\u00e9ditos europeus associado a cada m\u00f3dulo \u00e9 referido na p\u00e1gina introdut\u00f3ria.<\/p>\n<p>&nbsp;<\/p>\n<p><strong>T\u00f3picos relevantes da gen\u00e9tica<\/strong><\/p>\n<p>Gostaria de saber mais sobre o registo da hist\u00f3ria familiar, sobre os testes gen\u00e9ticos, ou sobre como seus pacientes podem beneficiar dos servi\u00e7os de gen\u00e9tica?<\/p>\n<p>Vamos oferecer uma s\u00e9rie de semin\u00e1rios ao vivo sobre temas relacionados com gen\u00e9tica na \u00e1rea da sa\u00fade.<\/p>\n<p>Estes semin\u00e1rios s\u00e3o livres e pode participar a partir do seu computador ligando-se \u00e0 Internet. Para mais detalhes veja <a href=\"..\/..\/..\/..\/..\/..\/..\/?page_id=949&amp;lang=pt\"><strong>webinars (link)<\/strong><\/a><\/p>\n<\/div>\n<div class=\"csColumnGap\" style=\"margin: 0px; padding: 0px; float: left; width: 1.56%;\"><img style=\"border: none;\" src=\"https:\/\/www.primarycaregenetics.org\/wp-content\/plugins\/advanced-wp-columns\/assets\/js\/plugins\/views\/img\/1x1-pixel.png\"\/><\/div>\n<div style=\"clear: both; float: none; display: block; visibility: hidden; width: 0px; font-size: 0px; line-height: 0;\">&nbsp;<\/div>\n<\/div>\n<\/div>\n","protected":false},"excerpt":{"rendered":"<p>&nbsp; ao site do projeto Gen-Equip \u2013 um projeto que combina educa\u00e7\u00e3o, cuidados de sa\u00fade prim\u00e1rios e gen\u00e9tica. O nosso objectivo \u00e9 permitir que os profissionais de sa\u00fade que trabalham nos cuidados prim\u00e1rios possam atualizar seus conhecimentos e compet\u00eancias na \u00e1rea da gen\u00e9tica. A longo prazo esperamos contribuir para um melhoria nos cuidados de sa\u00fade prestados aos pacientes com doen\u00e7as gen\u00e9ticas, ou preocupados com potenciais riscos gen\u00e9ticos. Quem somos n\u00f3s? Somos um grupo de profissionais da sa\u00fade, com experi\u00eancia em [&#8230;]<\/p>\n","protected":false},"author":3,"featured_media":0,"parent":0,"menu_order":0,"comment_status":"closed","ping_status":"closed","template":"template-fullwidth.php","meta":{"ngg_post_thumbnail":0},"_links":{"self":[{"href":"https:\/\/www.primarycaregenetics.org\/index.php?rest_route=\/wp\/v2\/pages\/907"}],"collection":[{"href":"https:\/\/www.primarycaregenetics.org\/index.php?rest_route=\/wp\/v2\/pages"}],"about":[{"href":"https:\/\/www.primarycaregenetics.org\/index.php?rest_route=\/wp\/v2\/types\/page"}],"author":[{"embeddable":true,"href":"https:\/\/www.primarycaregenetics.org\/index.php?rest_route=\/wp\/v2\/users\/3"}],"replies":[{"embeddable":true,"href":"https:\/\/www.primarycaregenetics.org\/index.php?rest_route=%2Fwp%2Fv2%2Fcomments&post=907"}],"version-history":[{"count":26,"href":"https:\/\/www.primarycaregenetics.org\/index.php?rest_route=\/wp\/v2\/pages\/907\/revisions"}],"predecessor-version":[{"id":2278,"href":"https:\/\/www.primarycaregenetics.org\/index.php?rest_route=\/wp\/v2\/pages\/907\/revisions\/2278"}],"wp:attachment":[{"href":"https:\/\/www.primarycaregenetics.org\/index.php?rest_route=%2Fwp%2Fv2%2Fmedia&parent=907"}],"curies":[{"name":"wp","href":"https:\/\/api.w.org\/{rel}","templated":true}]}}